{"id":168,"date":"2017-06-20T15:18:38","date_gmt":"2017-06-20T13:18:38","guid":{"rendered":"https:\/\/www.billy-montigny.fr\/site\/?page_id=168"},"modified":"2026-04-23T16:18:48","modified_gmt":"2026-04-23T14:18:48","slug":"les-elus-et-leurs-permanences","status":"publish","type":"page","link":"https:\/\/www.billy-montigny.fr\/site\/vie-municipale\/les-elus-et-leurs-permanences\/","title":{"rendered":"Les \u00e9lus et leurs permanences"},"content":{"rendered":"<h3 class=\"western\" style=\"text-align: center;\" align=\"left\"><span style=\"color: #000000;\"><u>LE BUREAU MUNICIPAL<\/u><\/span><\/h3>\n<p>&nbsp;<\/p>\n<p><img loading=\"lazy\" decoding=\"async\" class=\"aligncenter wp-image-6131 size-medium\" src=\"https:\/\/www.billy-montigny.fr\/site\/wp-content\/uploads\/2026\/03\/IMG_6649-200x300.jpg\" alt=\"\" width=\"200\" height=\"300\" srcset=\"https:\/\/www.billy-montigny.fr\/site\/wp-content\/uploads\/2026\/03\/IMG_6649-200x300.jpg 200w, https:\/\/www.billy-montigny.fr\/site\/wp-content\/uploads\/2026\/03\/IMG_6649-683x1024.jpg 683w, https:\/\/www.billy-montigny.fr\/site\/wp-content\/uploads\/2026\/03\/IMG_6649-768x1152.jpg 768w, https:\/\/www.billy-montigny.fr\/site\/wp-content\/uploads\/2026\/03\/IMG_6649-1024x1536.jpg 1024w, https:\/\/www.billy-montigny.fr\/site\/wp-content\/uploads\/2026\/03\/IMG_6649-1365x2048.jpg 1365w, https:\/\/www.billy-montigny.fr\/site\/wp-content\/uploads\/2026\/03\/IMG_6649-267x400.jpg 267w, https:\/\/www.billy-montigny.fr\/site\/wp-content\/uploads\/2026\/03\/IMG_6649-1170x1755.jpg 1170w, https:\/\/www.billy-montigny.fr\/site\/wp-content\/uploads\/2026\/03\/IMG_6649-380x570.jpg 380w, https:\/\/www.billy-montigny.fr\/site\/wp-content\/uploads\/2026\/03\/IMG_6649-73x110.jpg 73w, https:\/\/www.billy-montigny.fr\/site\/wp-content\/uploads\/2026\/03\/IMG_6649-scaled.jpg 1707w\" sizes=\"auto, (max-width: 200px) 100vw, 200px\" \/><\/p>\n<p style=\"text-align: center;\"><strong>Yanis GAUDILLAT<\/strong><br \/>\n<strong><em>Maire, Conseiller communautaire<br \/>\n<\/em><\/strong><em>Re\u00e7oit en mairie<\/em><em><br \/>\nLe lundi de 10h \u00e0 12h, sans rendez-vous<br \/>\n<\/em><em>Le mardi et le mercredi de 09h \u00e0 11h30, sur rendez-vous<\/em><\/p>\n<p>&nbsp;<\/p>\n<p><strong><img loading=\"lazy\" decoding=\"async\" class=\"aligncenter wp-image-6132 size-medium\" src=\"https:\/\/www.billy-montigny.fr\/site\/wp-content\/uploads\/2026\/03\/IMG_6652-200x300.jpg\" alt=\"\" width=\"200\" height=\"300\" srcset=\"https:\/\/www.billy-montigny.fr\/site\/wp-content\/uploads\/2026\/03\/IMG_6652-200x300.jpg 200w, https:\/\/www.billy-montigny.fr\/site\/wp-content\/uploads\/2026\/03\/IMG_6652-683x1024.jpg 683w, https:\/\/www.billy-montigny.fr\/site\/wp-content\/uploads\/2026\/03\/IMG_6652-768x1152.jpg 768w, https:\/\/www.billy-montigny.fr\/site\/wp-content\/uploads\/2026\/03\/IMG_6652-1024x1536.jpg 1024w, https:\/\/www.billy-montigny.fr\/site\/wp-content\/uploads\/2026\/03\/IMG_6652-1365x2048.jpg 1365w, https:\/\/www.billy-montigny.fr\/site\/wp-content\/uploads\/2026\/03\/IMG_6652-267x400.jpg 267w, https:\/\/www.billy-montigny.fr\/site\/wp-content\/uploads\/2026\/03\/IMG_6652-1170x1755.jpg 1170w, https:\/\/www.billy-montigny.fr\/site\/wp-content\/uploads\/2026\/03\/IMG_6652-380x570.jpg 380w, https:\/\/www.billy-montigny.fr\/site\/wp-content\/uploads\/2026\/03\/IMG_6652-73x110.jpg 73w, https:\/\/www.billy-montigny.fr\/site\/wp-content\/uploads\/2026\/03\/IMG_6652-scaled.jpg 1707w\" sizes=\"auto, (max-width: 200px) 100vw, 200px\" \/><\/strong><\/p>\n<p style=\"text-align: center;\"><strong>Lisa DURIEZ-GUICHARD<\/strong><br \/>\n<em><strong>Adjointe au Maire, d\u00e9l\u00e9gu\u00e9e \u00e0 la Jeunesse et aux Affaires Scolaires, Conseill\u00e8re communautaire<br \/>\n<\/strong>Re\u00e7oit en mairie<br \/>\nLe mardi de 16h \u00e0 17h30, sur rendez-vous, en semaine paire<br \/>\nLe mercredi de 8h30 \u00e0 10h, sur rendez-vous, en semaine impaire<\/em><\/p>\n<p>&nbsp;<\/p>\n<p><img loading=\"lazy\" decoding=\"async\" class=\"aligncenter wp-image-6133 size-medium\" src=\"https:\/\/www.billy-montigny.fr\/site\/wp-content\/uploads\/2026\/03\/IMG_6655-200x300.jpg\" alt=\"\" width=\"200\" height=\"300\" srcset=\"https:\/\/www.billy-montigny.fr\/site\/wp-content\/uploads\/2026\/03\/IMG_6655-200x300.jpg 200w, https:\/\/www.billy-montigny.fr\/site\/wp-content\/uploads\/2026\/03\/IMG_6655-683x1024.jpg 683w, https:\/\/www.billy-montigny.fr\/site\/wp-content\/uploads\/2026\/03\/IMG_6655-768x1152.jpg 768w, https:\/\/www.billy-montigny.fr\/site\/wp-content\/uploads\/2026\/03\/IMG_6655-1024x1536.jpg 1024w, https:\/\/www.billy-montigny.fr\/site\/wp-content\/uploads\/2026\/03\/IMG_6655-1365x2048.jpg 1365w, https:\/\/www.billy-montigny.fr\/site\/wp-content\/uploads\/2026\/03\/IMG_6655-267x400.jpg 267w, https:\/\/www.billy-montigny.fr\/site\/wp-content\/uploads\/2026\/03\/IMG_6655-1170x1755.jpg 1170w, https:\/\/www.billy-montigny.fr\/site\/wp-content\/uploads\/2026\/03\/IMG_6655-380x570.jpg 380w, https:\/\/www.billy-montigny.fr\/site\/wp-content\/uploads\/2026\/03\/IMG_6655-73x110.jpg 73w, https:\/\/www.billy-montigny.fr\/site\/wp-content\/uploads\/2026\/03\/IMG_6655-scaled.jpg 1707w\" sizes=\"auto, (max-width: 200px) 100vw, 200px\" \/><\/p>\n<p style=\"text-align: center;\"><strong>Geoffrey BEVAN<\/strong><br \/>\n<strong><em>Adjoint au Maire, d\u00e9l\u00e9gu\u00e9 \u00e0 la S\u00e9curit\u00e9 et au Sport<br \/>\n<\/em><\/strong><em>Re\u00e7oit au Centre Pablo Picasso<\/em><em><br \/>\nLe mercredi de 14h \u00e0 16h, sur rendez-vous<\/em><\/p>\n<p>&nbsp;<\/p>\n<p><img loading=\"lazy\" decoding=\"async\" class=\"aligncenter wp-image-6134 size-medium\" src=\"https:\/\/www.billy-montigny.fr\/site\/wp-content\/uploads\/2026\/03\/IMG_6660-200x300.jpg\" alt=\"\" width=\"200\" height=\"300\" srcset=\"https:\/\/www.billy-montigny.fr\/site\/wp-content\/uploads\/2026\/03\/IMG_6660-200x300.jpg 200w, https:\/\/www.billy-montigny.fr\/site\/wp-content\/uploads\/2026\/03\/IMG_6660-683x1024.jpg 683w, https:\/\/www.billy-montigny.fr\/site\/wp-content\/uploads\/2026\/03\/IMG_6660-768x1152.jpg 768w, https:\/\/www.billy-montigny.fr\/site\/wp-content\/uploads\/2026\/03\/IMG_6660-1024x1536.jpg 1024w, https:\/\/www.billy-montigny.fr\/site\/wp-content\/uploads\/2026\/03\/IMG_6660-1365x2048.jpg 1365w, https:\/\/www.billy-montigny.fr\/site\/wp-content\/uploads\/2026\/03\/IMG_6660-267x400.jpg 267w, https:\/\/www.billy-montigny.fr\/site\/wp-content\/uploads\/2026\/03\/IMG_6660-1170x1755.jpg 1170w, https:\/\/www.billy-montigny.fr\/site\/wp-content\/uploads\/2026\/03\/IMG_6660-380x570.jpg 380w, https:\/\/www.billy-montigny.fr\/site\/wp-content\/uploads\/2026\/03\/IMG_6660-73x110.jpg 73w, https:\/\/www.billy-montigny.fr\/site\/wp-content\/uploads\/2026\/03\/IMG_6660-scaled.jpg 1707w\" sizes=\"auto, (max-width: 200px) 100vw, 200px\" \/><\/p>\n<p style=\"text-align: center;\"><strong>Cynthia MURTAS<\/strong><br \/>\n<em><strong>Adjointe au\u00a0 Maire, d\u00e9l\u00e9gu\u00e9e \u00e0 la Sant\u00e9 et aux Personnes \u00c2g\u00e9es<br \/>\n<\/strong>Re\u00e7oit au CCAS<br \/>\nLe samedi de 09h \u00e0 11h30, sur rendez-vous<\/em><\/p>\n<p>&nbsp;<\/p>\n<p><img loading=\"lazy\" decoding=\"async\" class=\"aligncenter wp-image-6135 size-medium\" src=\"https:\/\/www.billy-montigny.fr\/site\/wp-content\/uploads\/2026\/03\/IMG_6662-200x300.jpg\" alt=\"\" width=\"200\" height=\"300\" srcset=\"https:\/\/www.billy-montigny.fr\/site\/wp-content\/uploads\/2026\/03\/IMG_6662-200x300.jpg 200w, https:\/\/www.billy-montigny.fr\/site\/wp-content\/uploads\/2026\/03\/IMG_6662-683x1024.jpg 683w, https:\/\/www.billy-montigny.fr\/site\/wp-content\/uploads\/2026\/03\/IMG_6662-768x1152.jpg 768w, https:\/\/www.billy-montigny.fr\/site\/wp-content\/uploads\/2026\/03\/IMG_6662-1024x1536.jpg 1024w, https:\/\/www.billy-montigny.fr\/site\/wp-content\/uploads\/2026\/03\/IMG_6662-1365x2048.jpg 1365w, https:\/\/www.billy-montigny.fr\/site\/wp-content\/uploads\/2026\/03\/IMG_6662-267x400.jpg 267w, https:\/\/www.billy-montigny.fr\/site\/wp-content\/uploads\/2026\/03\/IMG_6662-1170x1755.jpg 1170w, https:\/\/www.billy-montigny.fr\/site\/wp-content\/uploads\/2026\/03\/IMG_6662-380x570.jpg 380w, https:\/\/www.billy-montigny.fr\/site\/wp-content\/uploads\/2026\/03\/IMG_6662-73x110.jpg 73w, https:\/\/www.billy-montigny.fr\/site\/wp-content\/uploads\/2026\/03\/IMG_6662-scaled.jpg 1707w\" sizes=\"auto, (max-width: 200px) 100vw, 200px\" \/><\/p>\n<p style=\"text-align: center;\"><strong>Benjamin GRISCHKO<\/strong><br \/>\n<em><strong>Adjoint au Maire, d\u00e9l\u00e9gu\u00e9 \u00e0 la Vie Associative, la Culture, aux Festivit\u00e9s,<br \/>\n\u00e0 l&rsquo;Action Sociale et \u00e0 la Communication<br \/>\n<\/strong>Re\u00e7oit au CCAS<br \/>\nLe samedi de 10h \u00e0 12h, sur rendez-vous<\/em><\/p>\n<p>&nbsp;<\/p>\n<p><img loading=\"lazy\" decoding=\"async\" class=\"aligncenter wp-image-6136 size-medium\" src=\"https:\/\/www.billy-montigny.fr\/site\/wp-content\/uploads\/2026\/03\/IMG_6665-200x300.jpg\" alt=\"\" width=\"200\" height=\"300\" srcset=\"https:\/\/www.billy-montigny.fr\/site\/wp-content\/uploads\/2026\/03\/IMG_6665-200x300.jpg 200w, https:\/\/www.billy-montigny.fr\/site\/wp-content\/uploads\/2026\/03\/IMG_6665-683x1024.jpg 683w, https:\/\/www.billy-montigny.fr\/site\/wp-content\/uploads\/2026\/03\/IMG_6665-768x1152.jpg 768w, https:\/\/www.billy-montigny.fr\/site\/wp-content\/uploads\/2026\/03\/IMG_6665-1024x1536.jpg 1024w, https:\/\/www.billy-montigny.fr\/site\/wp-content\/uploads\/2026\/03\/IMG_6665-1365x2048.jpg 1365w, https:\/\/www.billy-montigny.fr\/site\/wp-content\/uploads\/2026\/03\/IMG_6665-267x400.jpg 267w, https:\/\/www.billy-montigny.fr\/site\/wp-content\/uploads\/2026\/03\/IMG_6665-1170x1755.jpg 1170w, https:\/\/www.billy-montigny.fr\/site\/wp-content\/uploads\/2026\/03\/IMG_6665-380x570.jpg 380w, https:\/\/www.billy-montigny.fr\/site\/wp-content\/uploads\/2026\/03\/IMG_6665-73x110.jpg 73w, https:\/\/www.billy-montigny.fr\/site\/wp-content\/uploads\/2026\/03\/IMG_6665-scaled.jpg 1707w\" sizes=\"auto, (max-width: 200px) 100vw, 200px\" \/><\/p>\n<p style=\"text-align: center;\"><strong>Marie-No\u00eblle de LOOZE<\/strong><br \/>\n<em><strong>Adjointe au Maire, d\u00e9l\u00e9gu\u00e9e \u00e0 l&rsquo;Environnement<br \/>\n<\/strong>Re\u00e7oit en mairie<br \/>\nLe jeudi de 09h \u00e0 11h30, sur rendez-vous<\/em><\/p>\n<p>&nbsp;<\/p>\n<p style=\"text-align: center;\"><img loading=\"lazy\" decoding=\"async\" class=\"aligncenter wp-image-6138 size-medium\" src=\"https:\/\/www.billy-montigny.fr\/site\/wp-content\/uploads\/2026\/03\/IMG_6672-200x300.jpg\" alt=\"\" width=\"200\" height=\"300\" srcset=\"https:\/\/www.billy-montigny.fr\/site\/wp-content\/uploads\/2026\/03\/IMG_6672-200x300.jpg 200w, https:\/\/www.billy-montigny.fr\/site\/wp-content\/uploads\/2026\/03\/IMG_6672-683x1024.jpg 683w, https:\/\/www.billy-montigny.fr\/site\/wp-content\/uploads\/2026\/03\/IMG_6672-768x1152.jpg 768w, https:\/\/www.billy-montigny.fr\/site\/wp-content\/uploads\/2026\/03\/IMG_6672-1024x1536.jpg 1024w, https:\/\/www.billy-montigny.fr\/site\/wp-content\/uploads\/2026\/03\/IMG_6672-1365x2048.jpg 1365w, https:\/\/www.billy-montigny.fr\/site\/wp-content\/uploads\/2026\/03\/IMG_6672-267x400.jpg 267w, https:\/\/www.billy-montigny.fr\/site\/wp-content\/uploads\/2026\/03\/IMG_6672-1170x1755.jpg 1170w, https:\/\/www.billy-montigny.fr\/site\/wp-content\/uploads\/2026\/03\/IMG_6672-380x570.jpg 380w, https:\/\/www.billy-montigny.fr\/site\/wp-content\/uploads\/2026\/03\/IMG_6672-73x110.jpg 73w, https:\/\/www.billy-montigny.fr\/site\/wp-content\/uploads\/2026\/03\/IMG_6672-scaled.jpg 1707w\" sizes=\"auto, (max-width: 200px) 100vw, 200px\" \/><\/p>\n<p style=\"text-align: center;\"><strong>Ludovic FLAMENT<\/strong><br \/>\n<em><strong>Adjoint au Maire, d\u00e9l\u00e9gu\u00e9 aux Finances et Commerces<br \/>\n<\/strong>Re\u00e7oit en mairie<br \/>\nLe vendredi de 09h \u00e0 11h30, sur rendez-vous<\/em><\/p>\n<p>&nbsp;<\/p>\n<p><img loading=\"lazy\" decoding=\"async\" class=\"aligncenter wp-image-6137 size-medium\" src=\"https:\/\/www.billy-montigny.fr\/site\/wp-content\/uploads\/2026\/03\/IMG_6669-200x300.jpg\" alt=\"\" width=\"200\" height=\"300\" srcset=\"https:\/\/www.billy-montigny.fr\/site\/wp-content\/uploads\/2026\/03\/IMG_6669-200x300.jpg 200w, https:\/\/www.billy-montigny.fr\/site\/wp-content\/uploads\/2026\/03\/IMG_6669-683x1024.jpg 683w, https:\/\/www.billy-montigny.fr\/site\/wp-content\/uploads\/2026\/03\/IMG_6669-768x1152.jpg 768w, https:\/\/www.billy-montigny.fr\/site\/wp-content\/uploads\/2026\/03\/IMG_6669-1024x1536.jpg 1024w, https:\/\/www.billy-montigny.fr\/site\/wp-content\/uploads\/2026\/03\/IMG_6669-1365x2048.jpg 1365w, https:\/\/www.billy-montigny.fr\/site\/wp-content\/uploads\/2026\/03\/IMG_6669-267x400.jpg 267w, https:\/\/www.billy-montigny.fr\/site\/wp-content\/uploads\/2026\/03\/IMG_6669-1170x1755.jpg 1170w, https:\/\/www.billy-montigny.fr\/site\/wp-content\/uploads\/2026\/03\/IMG_6669-380x570.jpg 380w, https:\/\/www.billy-montigny.fr\/site\/wp-content\/uploads\/2026\/03\/IMG_6669-73x110.jpg 73w, https:\/\/www.billy-montigny.fr\/site\/wp-content\/uploads\/2026\/03\/IMG_6669-scaled.jpg 1707w\" sizes=\"auto, (max-width: 200px) 100vw, 200px\" \/><\/p>\n<p style=\"text-align: center;\"><strong>J\u00e9r\u00f4me DARDENNE<\/strong><br \/>\n<em><strong>Adjoint au Maire, d\u00e9l\u00e9gu\u00e9 aux Travaux, \u00e0 l&rsquo;Urbanisme et au Logement<br \/>\n<\/strong>Re\u00e7oit au CCAS (logement)<br \/>\nLe vendredi de 14h \u00e0 15h50, sur rendez-vous<br \/>\nRe\u00e7oit en mairie (Travaux\/Urbanisme)<br \/>\nLe vendredi de 16h \u00e0 17h30, sur rendez-vous<\/em><\/p>\n<p>&nbsp;<\/p>\n<h3 class=\"western\"><span style=\"color: #000000;\"><u>LES CONSEILLERS MUNICIPAUX<\/u><\/span><\/h3>\n<p><strong>LOY Virginie<br \/>\nOLIVIER S\u00e9verine<br \/>\nDESPLANQUES Michel<br \/>\nMARECHAL Christophe<br \/>\nZIMOLAG Magdalena<br \/>\nRUDOLPH Sabine<br \/>\nCAUDRELIER Jean-Michel<br \/>\nFLAMENT Brendy<br \/>\nCAILLUEYRE Jo\u00ebl<br \/>\nFAMIL Martine<br \/>\nSTACHOWAK Corentin<br \/>\nBRUNELLES S\u00e9verine<br \/>\nFOURNIER David<br \/>\nFOURNIER Ang\u00e9lique<br \/>\nDUBOIS Fr\u00e9d\u00e9ric<br \/>\n<\/strong><\/p>\n<h6><\/h6>\n<h6><strong><span style=\"color: #000000;\">TRONI Bruno<\/span><br \/>\n<span style=\"color: #000000;\">BRIKI Fadila<\/span><br \/>\n<span style=\"color: #000000;\">MILLIEN Alexandre<\/span><br \/>\n<span style=\"color: #000000;\">MANIER-MEGUEULLE Nathalie<\/span><br \/>\n<span style=\"color: #000000;\">EECKMAN Marc<\/span><br \/>\n<span style=\"color: #000000;\">MOPTY Aurore<\/span><br \/>\n<\/strong><\/h6>\n<p align=\"left\">\n","protected":false},"excerpt":{"rendered":"<p>LE BUREAU MUNICIPAL &nbsp; Yanis GAUDILLAT Maire, Conseiller communautaire Re\u00e7oit en mairie Le lundi de 10h \u00e0 12h, sans rendez-vous Le mardi et le mercredi de 09h \u00e0 11h30, sur rendez-vous &nbsp; Lisa DURIEZ-GUICHARD Adjointe au Maire, d\u00e9l\u00e9gu\u00e9e \u00e0 la Jeunesse et aux Affaires Scolaires, Conseill\u00e8re communautaire Re\u00e7oit en mairie Le mardi de 16h \u00e0 [&hellip;]<\/p>\n","protected":false},"author":3,"featured_media":0,"parent":9,"menu_order":0,"comment_status":"closed","ping_status":"closed","template":"","meta":{"footnotes":""},"class_list":["post-168","page","type-page","status-publish","hentry"],"publishpress_future_action":{"enabled":false,"date":"2026-05-08 10:28:26","action":"change-status","newStatus":"draft","terms":[],"taxonomy":"","extraData":[]},"publishpress_future_workflow_manual_trigger":{"enabledWorkflows":[]},"_links":{"self":[{"href":"https:\/\/www.billy-montigny.fr\/site\/wp-json\/wp\/v2\/pages\/168","targetHints":{"allow":["GET"]}}],"collection":[{"href":"https:\/\/www.billy-montigny.fr\/site\/wp-json\/wp\/v2\/pages"}],"about":[{"href":"https:\/\/www.billy-montigny.fr\/site\/wp-json\/wp\/v2\/types\/page"}],"author":[{"embeddable":true,"href":"https:\/\/www.billy-montigny.fr\/site\/wp-json\/wp\/v2\/users\/3"}],"replies":[{"embeddable":true,"href":"https:\/\/www.billy-montigny.fr\/site\/wp-json\/wp\/v2\/comments?post=168"}],"version-history":[{"count":30,"href":"https:\/\/www.billy-montigny.fr\/site\/wp-json\/wp\/v2\/pages\/168\/revisions"}],"predecessor-version":[{"id":6213,"href":"https:\/\/www.billy-montigny.fr\/site\/wp-json\/wp\/v2\/pages\/168\/revisions\/6213"}],"up":[{"embeddable":true,"href":"https:\/\/www.billy-montigny.fr\/site\/wp-json\/wp\/v2\/pages\/9"}],"wp:attachment":[{"href":"https:\/\/www.billy-montigny.fr\/site\/wp-json\/wp\/v2\/media?parent=168"}],"curies":[{"name":"wp","href":"https:\/\/api.w.org\/{rel}","templated":true}]}}